{"id":451,"date":"2018-10-22T14:42:14","date_gmt":"2018-10-22T14:42:14","guid":{"rendered":"http:\/\/www.suryavana.es\/?page_id=451"},"modified":"2026-07-28T18:01:10","modified_gmt":"2026-07-28T18:01:10","slug":"inicio","status":"publish","type":"page","link":"https:\/\/www.suryavana.es\/","title":{"rendered":"Bienvenido a Suryavana"},"content":{"rendered":"\n<h1 class=\"wp-block-heading has-text-align-center\"><span style=\"font-size: 1rem;\">Suryavana es nuestro Centro de Retiros de la <\/span>Comunidad Budista Triratna<span style=\"font-size: 1rem;\"> en J\u00e9rica (Castell\u00f3n)<\/span><\/h1>\n\n\n\n<figure class=\"wp-block-embed is-type-video is-provider-youtube wp-block-embed-youtube wp-embed-aspect-16-9 wp-has-aspect-ratio\"><div class=\"wp-block-embed__wrapper\">\n<iframe loading=\"lazy\" title=\"Suryavana-Retreat-centre\" width=\"525\" height=\"295\" src=\"https:\/\/www.youtube.com\/embed\/vyOvKCBq49k?feature=oembed\" frameborder=\"0\" allow=\"accelerometer; autoplay; clipboard-write; encrypted-media; gyroscope; picture-in-picture; web-share\" referrerpolicy=\"strict-origin-when-cross-origin\" allowfullscreen><\/iframe>\n<\/div><\/figure>\n\n\n\n<h2 class=\"wp-block-heading has-text-align-center\"><kbd>Suryavana se puede traducir como \"bosque iluminado\" , \"retiro del Buda\", o \"morada iluminada de maitri\".<\/kbd><\/h2>\n\n\n\n<p class=\"has-text-align-center wp-block-paragraph\"><strong>Contacto: Sudaka<br><span style=\"font-size: 1rem;\">info@suryavana.es<\/span><\/strong><\/p>\n\n\n\n<p class=\"has-text-align-center wp-block-paragraph\">0034 638 31 71 38<\/p>\n\n\n\n<p class=\"has-text-align-center wp-block-paragraph\"><a href=\"https:\/\/t.me\/Suryavana\">subscr\u00edbete da nuestro <\/a><br><a href=\"https:\/\/t.me\/Suryavana\">Canal Telegram <\/a><br><a href=\"https:\/\/t.me\/Suryavana\">para recibir informaci\u00f3n<\/a> <\/p>\n\n\n<div class=\"wp-block-image\">\n<figure class=\"aligncenter size-full\"><img loading=\"lazy\" decoding=\"async\" width=\"100\" height=\"100\" src=\"http:\/\/www.suryavana.es\/wp-content\/uploads\/2026\/07\/IMG_9431-e1784795456447.png\" alt=\"\" class=\"wp-image-754\"\/><\/figure>\n<\/div>\n\n<div class=\"widget widget_em_widget\"><h2 class=\"widgettitle\">Pr\u00f3ximos Eventos<\/h2><div class=\"em pixelbones em-list-widget em-events-widget\"><li><img src='https:\/\/www.suryavana.es\/wp-content\/uploads\/2026\/07\/aebafac4-3ff6-4b36-a38f-c44226baa526.jpeg' alt='El Apocalipsis y los Planos de un Nuevo Mundo'\/><\/li><li><a href=\"https:\/\/www.suryavana.es\/?event=el-apocalipsis-y-los-planos-de-un-nuevo-mundo\">El Apocalipsis y los Planos de un Nuevo Mundo<\/a><ul><li>02\/10\/2026 &#8211; 04\/10\/2026<\/li><br \/><\/ul><\/li><li><img src='https:\/\/www.suryavana.es\/wp-content\/uploads\/2026\/07\/IMG_6672.jpeg' alt='Yoga Retreat - the Five Buddha Mandala'\/><\/li><li><a href=\"https:\/\/www.suryavana.es\/?event=yoga-retreat-mandala-de-los-cinco-budas\">Yoga Retreat &#8211; the Five Buddha Mandala<\/a><ul><li>24\/10\/2026 &#8211; 30\/10\/2026<\/li><br \/><\/ul><\/li><li><img src='https:\/\/www.suryavana.es\/wp-content\/uploads\/2026\/07\/WhatsApp-Image-2026-07-29-at-16.18.41.jpeg' alt='Retiro Yoga 16A \u00b7 Oto\u00f1o en Suryavana -sherabyoga'\/><\/li><li><a href=\"https:\/\/www.suryavana.es\/?event=retiro-yoga-16a-%c2%b7-otono-en-suryavana-sherabyoga\">Retiro Yoga 16A \u00b7 Oto\u00f1o en Suryavana -sherabyoga<\/a><ul><li>30\/10\/2026 &#8211; 02\/11\/2026<\/li><br \/><\/ul><\/li><li><img src='https:\/\/www.suryavana.es\/wp-content\/uploads\/2019\/04\/IMG_4984.jpeg' alt='Iniciaci\u00f3n a la Meditaci\u00f3n Budista'\/><\/li><li><a href=\"https:\/\/www.suryavana.es\/?event=iniciacion-a-la-meditacion-budista\">Iniciaci\u00f3n a la Meditaci\u00f3n Budista<\/a><ul><li>13\/11\/2026 &#8211; 15\/11\/2026<\/li><br \/><\/ul><\/li><li><img src='https:\/\/www.suryavana.es\/wp-content\/uploads\/2018\/08\/Yin-yoga-II-1380-x-1350-px-900-x-600-px.png' alt='Yin Yoga - Taller intensivo de formaci\u00f3n y pr\u00e1ctica'\/><\/li><li><a href=\"https:\/\/www.suryavana.es\/?event=yin-yoga-taller-intensivo-de-formacion-y-practica\">Yin Yoga &#8211; Taller intensivo de formaci\u00f3n y pr\u00e1ctica<\/a><ul><li>22\/01\/2027 &#8211; 24\/01\/2027<\/li><br \/><\/ul><\/li><li><img src='https:\/\/www.suryavana.es\/wp-content\/uploads\/2026\/07\/masaje_Tai_SINTEXTO_23.jpeg' alt='Masaje tailand\u00e9s - Formaci\u00f3n B\u00e1sica'\/><\/li><li><a href=\"https:\/\/www.suryavana.es\/?event=masaje-tailandes-formacion-basica\">Masaje tailand\u00e9s &#8211; Formaci\u00f3n B\u00e1sica<\/a><ul><li>12\/02\/2027 &#8211; 14\/02\/2027<\/li><br \/><\/ul><\/li><li><img src='https:\/\/www.suryavana.es\/wp-content\/uploads\/2019\/04\/IMG_4984.jpeg' alt='Iniciaci\u00f3n a la Meditaci\u00f3n Budista (la Etica)'\/><\/li><li><a href=\"https:\/\/www.suryavana.es\/?event=iniciacion-a-la-meditacion-budista-la-etica\">Iniciaci\u00f3n a la Meditaci\u00f3n Budista (la Etica)<\/a><ul><li>05\/03\/2027 &#8211; 07\/03\/2027<\/li><br \/><\/ul><\/li><li><img src='https:\/\/www.suryavana.es\/wp-content\/uploads\/2026\/09\/logo.png' alt='Retiro de Primavera (Centro Budista de Valencia)'\/><\/li><li><a href=\"https:\/\/www.suryavana.es\/?event=retiro-de-primavera-centro-budista-de-valencia\">Retiro de Primavera (Centro Budista de Valencia)<\/a><ul><li>25\/03\/2027 &#8211; 29\/03\/2027<\/li><br \/><\/ul><\/li><li><img src='https:\/\/www.suryavana.es\/wp-content\/uploads\/2019\/04\/IMG_4984.jpeg' alt='Iniciaci\u00f3n a la Meditaci\u00f3n Budista'\/><\/li><li><a href=\"https:\/\/www.suryavana.es\/?event=iniciacion-a-la-meditacion-budista-2\">Iniciaci\u00f3n a la Meditaci\u00f3n Budista<\/a><ul><li>18\/06\/2027 &#8211; 20\/06\/2027<\/li><br \/><\/ul><\/li><li><img src='https:\/\/www.suryavana.es\/wp-content\/uploads\/2026\/07\/937A0843-15B3-4540-BA22-89E2381A44E6.jpeg' alt='Yoga Retreat - the Call of the Forest'\/><\/li><li><a href=\"https:\/\/www.suryavana.es\/?event=yoga-retreat-the-call-of-the-forest\">Yoga Retreat &#8211; the Call of the Forest<\/a><ul><li>05\/07\/2027 &#8211; 11\/07\/2027<\/li><br \/><\/ul><\/li><li><img src='https:\/\/www.suryavana.es\/wp-content\/uploads\/2026\/09\/logo.png' alt='Retiro de Verano I (Centro Budista de Valencia)'\/><\/li><li><a href=\"https:\/\/www.suryavana.es\/?event=retiro-de-verano-i-centro-budista-de-valencia\">Retiro de Verano I (Centro Budista de Valencia)<\/a><ul><li>10\/08\/2027 &#8211; 15\/08\/2027<\/li><br \/><\/ul><\/li><li><img src='https:\/\/www.suryavana.es\/wp-content\/uploads\/2026\/09\/logo.png' alt='Retiro de Verano II (Centro Budista de Valencia)'\/><\/li><li><a href=\"https:\/\/www.suryavana.es\/?event=retiro-de-verano-ii-centro-budista-de-valencia\">Retiro de Verano II (Centro Budista de Valencia)<\/a><ul><li>16\/08\/2027 &#8211; 21\/08\/2027<\/li><br \/><\/ul><\/li><li><img src='https:\/\/www.suryavana.es\/wp-content\/uploads\/2026\/08\/IMG_9612.jpeg' alt='La naturaleza de la mente -retiro de la Orden Triratna'\/><\/li><li><a href=\"https:\/\/www.suryavana.es\/?event=la-naturaleza-de-la-mente-retiro-de-la-orden-triratna\">La naturaleza de la mente -retiro de la Orden Triratna<\/a><ul><li>24\/08\/2027 &#8211; 07\/09\/2027<\/li><br \/><\/ul><\/li><li><img src='https:\/\/www.suryavana.es\/wp-content\/uploads\/2019\/04\/IMG_4984.jpeg' alt='Iniciaci\u00f3n a la Meditaci\u00f3n Budista (Praj\u00f1a)'\/><\/li><li><a href=\"https:\/\/www.suryavana.es\/?event=iniciacion-a-la-meditacion-budista-prajna\">Iniciaci\u00f3n a la Meditaci\u00f3n Budista (Praj\u00f1a)<\/a><ul><li>26\/11\/2027 &#8211; 28\/11\/2027<\/li><br \/><\/ul><\/li><\/div><\/div>","protected":false},"excerpt":{"rendered":"<p>Suryavana es nuestro Centro de Retiros de la Comunidad Budista Triratna en J\u00e9rica (Castell\u00f3n) Suryavana se puede traducir como \u00abbosque iluminado\u00bb , \u00abretiro del Buda\u00bb, o \u00abmorada iluminada de maitri\u00bb. Contacto: Sudakainfo@suryavana.es 0034 638 31 71 38 subscr\u00edbete da nuestro Canal Telegram para recibir informaci\u00f3n<\/p>\n","protected":false},"author":4,"featured_media":611,"parent":0,"menu_order":0,"comment_status":"closed","ping_status":"closed","template":"","meta":{"footnotes":""},"class_list":["post-451","page","type-page","status-publish","has-post-thumbnail","hentry"],"_links":{"self":[{"href":"https:\/\/www.suryavana.es\/index.php?rest_route=\/wp\/v2\/pages\/451","targetHints":{"allow":["GET"]}}],"collection":[{"href":"https:\/\/www.suryavana.es\/index.php?rest_route=\/wp\/v2\/pages"}],"about":[{"href":"https:\/\/www.suryavana.es\/index.php?rest_route=\/wp\/v2\/types\/page"}],"author":[{"embeddable":true,"href":"https:\/\/www.suryavana.es\/index.php?rest_route=\/wp\/v2\/users\/4"}],"replies":[{"embeddable":true,"href":"https:\/\/www.suryavana.es\/index.php?rest_route=%2Fwp%2Fv2%2Fcomments&post=451"}],"version-history":[{"count":26,"href":"https:\/\/www.suryavana.es\/index.php?rest_route=\/wp\/v2\/pages\/451\/revisions"}],"predecessor-version":[{"id":829,"href":"https:\/\/www.suryavana.es\/index.php?rest_route=\/wp\/v2\/pages\/451\/revisions\/829"}],"wp:featuredmedia":[{"embeddable":true,"href":"https:\/\/www.suryavana.es\/index.php?rest_route=\/wp\/v2\/media\/611"}],"wp:attachment":[{"href":"https:\/\/www.suryavana.es\/index.php?rest_route=%2Fwp%2Fv2%2Fmedia&parent=451"}],"curies":[{"name":"wp","href":"https:\/\/api.w.org\/{rel}","templated":true}]}}